{"id":64,"date":"2023-02-11T11:35:34","date_gmt":"2023-02-11T11:35:34","guid":{"rendered":"https:\/\/developer.drharastaedit.hu\/?page_id=64"},"modified":"2023-02-18T11:11:39","modified_gmt":"2023-02-18T11:11:39","slug":"mivel-foglalkozik-a-gasztroenterologus","status":"publish","type":"page","link":"https:\/\/drharastaedit.hu\/?page_id=64","title":{"rendered":"Mivel foglalkozik a gasztroenterologus?"},"content":{"rendered":"\n<p><strong>Mivel foglalkozik a gasztroenterol\u00f3gus?<\/strong><\/p>\n\n\n\n<p>A gasztroenterol\u00f3gus munk\u00e1j\u00e1t a legt\u00f6bbek puszt\u00e1n a &#8222;r\u00e9mes&#8221; vastagb\u00e9l- \u00e9s a gyomort\u00fckr\u00f6z\u00e9ssel azonos\u00edtj\u00e1k, holott ez a szakter\u00fclet j\u00f3val \u00e1tfog\u00f3bb enn\u00e9l, \u00e9s a diagnosztikai eszk\u00f6zei is gazdagabbak. Miel\u0151tt orvoshoz menne, tudja meg, mire sz\u00e1m\u00edthat!<\/p>\n\n\n\n<p>A gasztroenterol\u00f3gia a belgy\u00f3gy\u00e1szatb\u00f3l \u00f6n\u00e1ll\u00f3sodott orvosi szakter\u00fclet, ami az em\u00e9szt\u0151rendszerrel, illetve annak betegs\u00e9geivel foglalkozik. Ide tartozik a nyel\u0151cs\u0151, a gyomor, a v\u00e9kony- \u00e9s a vastagb\u00e9l, illetve a m\u00e1j, a hasny\u00e1lmirigy, az epe \u00e9s az epevezet\u00e9k minden betegs\u00e9ge.<\/p>\n\n\n\n<p><strong>Milyen panaszok eset\u00e9n \u00e9rdemes gasztroenterol\u00f3gushoz fordulni?<\/strong><\/p>\n\n\n\n<p>B\u00e1rmilyen esetben, amikor az em\u00e9szt\u00e9s\u00fcnk, sz\u00e9kel\u00e9s\u00fcnk megv\u00e1ltozik, hasi f\u00e1jdalmat tapasztalunk, rossz a k\u00f6z\u00e9rzet\u00fcnk, ami \u00f6sszef\u00fcgg\u00e9sben \u00e1ll az \u00e9tkez\u00e9ssel&#8221; &#8211; magyar\u00e1zza dr. Harasta Edit gasztroenterol\u00f3gus. A konkr\u00e9t panaszok k\u00f6z\u00fcl a leggyakoribbak a gyomor\u00e9g\u00e9s, a reflux, a rossz lehelet, a gyomorideg, illetve a puffad\u00e1s, a hasmen\u00e9s, a sz\u00e9kreked\u00e9s, az arany\u00e9r &#8211; sorolja a szakember. Mint mondja, ezek a t\u00fcnetek kamaszkort\u00f3l eg\u00e9szen id\u0151s korig mindk\u00e9t nemn\u00e9l el\u0151fordulhatnak, f\u0151leg tavasszal \u00e9s \u0151sszel, \u00e9s gyakran civiliz\u00e1ci\u00f3s panaszk\u00e9nt k\u00f6nyvelhet\u0151k el. &#8222;A stresszhez val\u00f3 hozz\u00e1\u00e1ll\u00e1sunk meghat\u00e1roz\u00f3, de szerepet j\u00e1tszanak ebben a megv\u00e1ltozott t\u00e1pl\u00e1lkoz\u00e1si szok\u00e1sok is. Nem tudunk laz\u00edtani, pihenni, kikapcsol\u00f3dni, \u00e9s a probl\u00e9m\u00e1k, fesz\u00fclts\u00e9gek em\u00e9szt\u00e9si panaszokban is megnyilv\u00e1nulnak. Az em\u00e9szt\u0151rendszer igen \u00e9rz\u00e9kenyen reag\u00e1l a lelki t\u00f6rt\u00e9n\u00e9sekre, \u00edgy sokszor pszihoszomatikus betegs\u00e9gek em\u00e9szt\u00e9si, illetve hasi panaszokkal j\u00e1rnak<\/p>\n\n\n\n<p>Panaszainkkal els\u0151k\u00e9nt mindig a h\u00e1ziorvoshoz kell fordulni, \u0151 \u00edt\u00e9li meg, hogy val\u00f3ban gasztroenterol\u00f3gus seg\u00edts\u00e9g\u00e9re van-e sz\u00fcks\u00e9g\u00fcnk, majd beutal\u00f3j\u00e1val kereshetj\u00fck fel a szakrendel\u00e9st, vagy k\u00f6zvetlen\u00fcl a mag\u00e1nrendel\u00e9st.<\/p>\n\n\n\n<p>Vannak, akik enyhe t\u00fcnetekkel is felkeresik az orvost, gasztroenterol\u00f3gust, mert a legkisebb v\u00e1ltoz\u00e1s, t\u00fcnet is aggodalommal t\u00f6lti el \u0151ket. M\u00e1sok sz\u00edvesebben s\u00f6prik a sz\u0151nyeg al\u00e1 a probl\u00e9m\u00e1kat, \u00e9s olyan st\u00e1dium\u00fa betegs\u00e9ggel \u00e9rkeznek, ami akkor m\u00e1r nem menthet\u0151, vagy \u00e9pp csak enyh\u00edteni tudunk a panaszokon. P\u00e9ld\u00e1ul a vastagb\u00e9ldaganatok 90 sz\u00e1zal\u00e9ka polipb\u00f3l alakul ki, ami pedig kezdeti st\u00e1diumban endoszk\u00f3pos beavatkoz\u00e1ssal gy\u00f3gy\u00edthat\u00f3 lenne&#8221; &#8211; pr\u00f3b\u00e1lja a sz\u0171r\u00e9sek, a megel\u0151z\u00e9s \u00e9s a szakter\u00fclet fontoss\u00e1g\u00e1t megvil\u00e1g\u00edtani a szakember.<\/p>\n\n\n\n<p><strong>\u00cdgy diagnosztiz\u00e1lnak<\/strong><\/p>\n\n\n\n<p>A diagn\u00f3zishoz term\u00e9szetesen sz\u00fcks\u00e9g van egy igen r\u00e9szletes anamn\u00e9zisre, azaz a szakember kik\u00e9rdez, megtudakolja, hogy adott panaszunk, panaszaink mikor kezd\u0151dtek, mihez k\u00f6thet\u0151k. &#8222;Ez gyakran egy f\u00e9l diagn\u00f3zis&#8221; &#8211; mondja dr. Harasta Edit. A gasztroenterol\u00f3gus eszk\u00f6zt\u00e1r\u00e1t a diagn\u00f3zis sor\u00e1n a k\u00f6vetkez\u0151 eszk\u00f6z\u00f6k gazdag\u00edtj\u00e1k: v\u00e9r-, vizelet- \u00e9s sz\u00e9kletvizsg\u00e1lat, kil\u00e9gz\u00e9si tesztek, em\u00e9sztetts\u00e9gi vizsg\u00e1latok, k\u00e9palkot\u00f3 elj\u00e1r\u00e1sok (r\u00f6ntgen, ultrahang, CT, MR), funcion\u00e1lis vizsg\u00e1latok (manometria, pH m\u00e9r\u00e9s), endoszk\u00f3pos elj\u00e1r\u00e1sok (gyomor- \u00e9s vastagb\u00e9lt\u00fckr\u00f6z\u00e9s). Ez ut\u00f3bbiak lehet\u0151s\u00e9get adnak a tov\u00e1bbi vizsg\u00e1latokra, \u00edgy pl. sz\u00f6vettani \u00e9s bakt\u00e9rium vizsg\u00e1latokra, illetve kisebb beavatkoz\u00e1sokra is.<\/p>\n\n\n\n<p>Az emberek tal\u00e1n a legink\u00e1bb a t\u00fckr\u00f6z\u00e9sekt\u0151l f\u00e9lnek, ezt nem c\u00e1folja meg a szakorvos sem. &#8222;A gyomor- \u00e9s b\u00e9lt\u00fckr\u00f6z\u00e9s ma az em\u00e9szt\u0151rendszer vizsg\u00e1lat\u00e1hoz elengedhetetlen. Ezek ink\u00e1bb kellemetlen, mint f\u00e1jdalmas vizsg\u00e1latok, ha rutinos orvos v\u00e9gzi, \u00e9s egy\u00fcttm\u0171k\u00f6d\u0151 a p\u00e1ciens, egy gyomort\u00fckr\u00f6z\u00e9s mind\u00f6ssze 4-5 percet vesz ig\u00e9nybe&#8221; &#8211; nyugtat meg mindenkit, majd hozz\u00e1teszi, a sz\u00f3ban forg\u00f3 vizsg\u00e1latok seg\u00edts\u00e9g\u00e9vel a gyomor- \u00e9s b\u00e9lrendszer olyan apr\u00f3 elv\u00e1ltoz\u00e1sai is felfedezhet\u0151k, amelyek m\u00e1s vizsg\u00e1lati m\u00f3dszerrel esetleg \u00e9szrev\u00e9tlenek maradn\u00e1nak. Mint mondja, ezeket a vizsg\u00e1latokat altat\u00e1sban \u00e9s b\u00f3d\u00edt\u00e1sban v\u00e9gzik a legt\u00f6bb helyen, \u00e9s mindenk\u00e9ppen sz\u00fcks\u00e9gesek a korai diagn\u00f3zishoz (ami ak\u00e1r \u00e9letet is menthet bizonyos k\u00f3rk\u00e9pek eset\u00e9n), illetve az eredm\u00e9nyes \u00e9s sikeres kezel\u00e9shez.<\/p>\n\n\n\n<p><strong>Tipp<\/strong><\/p>\n\n\n\n<p>Vastagb\u00e9lt\u00fckr\u00f6z\u00e9sen (colonoscopia) 45-50 \u00e9ves kor felett, megel\u0151z\u00e9s gyan\u00e1nt c\u00e9lszer\u0171 mindenkinek r\u00e9szt venni. Ha pedig a vizsg\u00e1lat negat\u00edv (semmit nem tal\u00e1ltak), akkor 10 \u00e9v m\u00falva el\u00e9g megism\u00e9telni a sz\u0171r\u00e9st.<\/p>\n\n\n\n<p><strong>Ter\u00e1pi\u00e1s lehet\u0151s\u00e9gek<\/strong><\/p>\n\n\n\n<p>A legt\u00f6bb esetben els\u0151 l\u00e9p\u00e9s a gy\u00f3gyszeres kezel\u00e9s, gyakorlatilag a legt\u00f6bb panasz ezzel, valamint. \u00e9trendi, \u00e9letm\u00f3dbeli v\u00e1ltoztat\u00e1ssal orvosolhat\u00f3 (pl. ma m\u00e1r a m\u00e1r a fek\u00e9lybetegs\u00e9g gy\u00f3gy\u00edt\u00e1sa sem m\u0171t\u00e9ti, hanem gy\u00f3gyszeres ). Bizonyos esetekben m\u00f3d van endoszk\u00f3pos (t\u00fckr\u00f6z\u00e9ses) vizsg\u00e1latok sor\u00e1n beavatkoz\u00e1sra (pl. polipok lev\u00e9tele, epevezet\u00e9k k\u00f6vek elt\u00e1vol\u00edt\u00e1sa). Term\u00e9szetesen vannak olyan t\u00edpus\u00fa betegs\u00e9gek, melyek csak m\u0171t\u00e9ti megold\u00e1ssal gy\u00f3gy\u00edthat\u00f3ak (pl. epek\u0151, aranyeress\u00e9g, daganatok).<\/p>\n\n\n\n<p><strong>Rokon szakter\u00fcletek<\/strong><\/p>\n\n\n\n<p>A gasztroenterol\u00f3gus munk\u00e1ja t\u00f6bb szakter\u00fclettel \u00f6ssze\u00e9r: els\u0151sorban a belgy\u00f3gy\u00e1szattal, m\u00e1sodsorban pedig az endokrinol\u00f3gi\u00e1val, hiszen sok olyan em\u00e9szt\u0151rendszeri panasz van, amin\u00e9l els\u0151 k\u00f6rben ki kell z\u00e1rni a hormon\u00e1lis okokat. Emellett, amennyiben a panaszok pszichoszomatikus eredet\u0171ek, sokszor sz\u00fcks\u00e9ges, hogy a betegek ell\u00e1t\u00e1sa sor\u00e1n pszichol\u00f3gus vagy pszichi\u00e1ter is bekapcsol\u00f3djon a kezel\u00e9sbe.<\/p>\n\n\n\n<p>M\u0171t\u00e9ti megold\u00e1st ig\u00e9nyl\u0151 esetekben fontos a seb\u00e9szekkel val\u00f3 egy\u00fcttm\u0171k\u00f6d\u00e9s, valamint em\u00e9szt\u0151szervi daganatos betegs\u00e9gek eset\u00e9n az onkol\u00f3giai kezel\u00e9s is.<\/p>\n\n\n\n<p>Mivel foglalkozik a gasztroenterol\u00f3gus? (H\u00e1zipatika.hu 2013 janu\u00e1r)<\/p>\n","protected":false},"excerpt":{"rendered":"<p>Mivel foglalkozik a gasztroenterol\u00f3gus? A gasztroenterol\u00f3gus munk\u00e1j\u00e1t a legt\u00f6bbek puszt\u00e1n a &#8222;r\u00e9mes&#8221; vastagb\u00e9l- \u00e9s a gyomort\u00fckr\u00f6z\u00e9ssel azonos\u00edtj\u00e1k, holott ez a szakter\u00fclet j\u00f3val \u00e1tfog\u00f3bb enn\u00e9l, \u00e9s a diagnosztikai eszk\u00f6zei is gazdagabbak. Miel\u0151tt orvoshoz menne, tudja meg, mire sz\u00e1m\u00edthat! A gasztroenterol\u00f3gia a belgy\u00f3gy\u00e1szatb\u00f3l \u00f6n\u00e1ll\u00f3sodott orvosi szakter\u00fclet, ami az em\u00e9szt\u0151rendszerrel, illetve annak betegs\u00e9geivel foglalkozik. Ide tartozik a nyel\u0151cs\u0151, [&hellip;]<\/p>\n","protected":false},"author":1,"featured_media":0,"parent":2,"menu_order":1,"comment_status":"closed","ping_status":"closed","template":"","meta":{"_sitemap_exclude":false,"_sitemap_priority":"","_sitemap_frequency":"","footnotes":""},"class_list":["post-64","page","type-page","status-publish","hentry"],"_links":{"self":[{"href":"https:\/\/drharastaedit.hu\/index.php?rest_route=\/wp\/v2\/pages\/64","targetHints":{"allow":["GET"]}}],"collection":[{"href":"https:\/\/drharastaedit.hu\/index.php?rest_route=\/wp\/v2\/pages"}],"about":[{"href":"https:\/\/drharastaedit.hu\/index.php?rest_route=\/wp\/v2\/types\/page"}],"author":[{"embeddable":true,"href":"https:\/\/drharastaedit.hu\/index.php?rest_route=\/wp\/v2\/users\/1"}],"replies":[{"embeddable":true,"href":"https:\/\/drharastaedit.hu\/index.php?rest_route=%2Fwp%2Fv2%2Fcomments&post=64"}],"version-history":[{"count":2,"href":"https:\/\/drharastaedit.hu\/index.php?rest_route=\/wp\/v2\/pages\/64\/revisions"}],"predecessor-version":[{"id":255,"href":"https:\/\/drharastaedit.hu\/index.php?rest_route=\/wp\/v2\/pages\/64\/revisions\/255"}],"up":[{"embeddable":true,"href":"https:\/\/drharastaedit.hu\/index.php?rest_route=\/wp\/v2\/pages\/2"}],"wp:attachment":[{"href":"https:\/\/drharastaedit.hu\/index.php?rest_route=%2Fwp%2Fv2%2Fmedia&parent=64"}],"curies":[{"name":"wp","href":"https:\/\/api.w.org\/{rel}","templated":true}]}}